{"id":232,"date":"2022-07-07T12:11:14","date_gmt":"2022-07-07T12:11:14","guid":{"rendered":"https:\/\/krantec.de\/?page_id=232"},"modified":"2024-01-31T09:34:55","modified_gmt":"2024-01-31T09:34:55","slug":"dguv-v3-pruefung","status":"publish","type":"page","link":"https:\/\/krantec.de\/?page_id=232","title":{"rendered":"DGUV V3 Pr\u00fcfung"},"content":{"rendered":"\t\t<div data-elementor-type=\"wp-page\" data-elementor-id=\"232\" class=\"elementor elementor-232\">\n\t\t\t\t\t\t<section class=\"elementor-section elementor-top-section elementor-element elementor-element-73d6e0f elementor-section-boxed elementor-section-height-default elementor-section-height-default\" data-id=\"73d6e0f\" data-element_type=\"section\" data-e-type=\"section\">\n\t\t\t\t\t\t<div class=\"elementor-container elementor-column-gap-default\">\n\t\t\t\t\t<div class=\"elementor-column elementor-col-50 elementor-top-column elementor-element elementor-element-59710df\" data-id=\"59710df\" data-element_type=\"column\" data-e-type=\"column\">\n\t\t\t<div class=\"elementor-widget-wrap elementor-element-populated\">\n\t\t\t\t\t\t<div class=\"elementor-element elementor-element-dc24846 elementor-invisible elementor-widget elementor-widget-text-editor\" data-id=\"dc24846\" data-element_type=\"widget\" data-e-type=\"widget\" data-settings=\"{&quot;_animation&quot;:&quot;fadeIn&quot;}\" data-widget_type=\"text-editor.default\">\n\t\t\t\t<div class=\"elementor-widget-container\">\n\t\t\t\t\t\t\t\t\t<p><b>Pr\u00fcfung nach DGUV V3 &#8211; Elektrischer Betriebsmittel<\/b><br><\/p>\n<p>Pr\u00fcfung&nbsp;ortsver\u00e4nderliche\/ortsfeste elektrische Arbeitsmittel&nbsp;nach VDE 0701-0702 mit Schutzkontaktstecker&nbsp;(230V\/16A).<br><\/p>\n<p>Pr\u00fcfung&nbsp;ortsver\u00e4nderliche\/ortsfeste Arbeitsmittel&nbsp;nach VDE 0701-0702 mit CEE oder Perilex-Steckverbindung&nbsp;(400V\/16A bis 63A)&nbsp;sowie Arbeitsmittel mit erh\u00f6htem Aufwand.<br><\/p>\n<p>Pr\u00fcfung&nbsp;station\u00e4rer Installationen, Anlagen und Maschinen&nbsp;nach VDE 0105-100, VDE 0100-600, VDE 0113-1, Schwei\u00dfger\u00e4te nach DIN EN60974-1\/4.<\/p>\n<p>Pr\u00fcfung medizinischer Ger\u00e4te nach DIN EN 62353 mit Schutzkontaktstecker (230V\/16A).<\/p>\n<p>Pr\u00fcfung medizinischer Ger\u00e4te nach DIN EN 62353 fest angeschlossen, mit CEE oder Perilex-Steckverbindung (400V\/16A bis 63A).<br><\/p>\n<p><br><\/p>\t\t\t\t\t\t\t\t<\/div>\n\t\t\t\t<\/div>\n\t\t\t\t\t<\/div>\n\t\t<\/div>\n\t\t\t\t<div class=\"elementor-column elementor-col-50 elementor-top-column elementor-element elementor-element-82eb88c\" data-id=\"82eb88c\" data-element_type=\"column\" data-e-type=\"column\">\n\t\t\t<div class=\"elementor-widget-wrap elementor-element-populated\">\n\t\t\t\t\t\t<div class=\"elementor-element elementor-element-bc8dd44 elementor-widget elementor-widget-image\" data-id=\"bc8dd44\" data-element_type=\"widget\" data-e-type=\"widget\" data-widget_type=\"image.default\">\n\t\t\t\t<div class=\"elementor-widget-container\">\n\t\t\t\t\t\t\t\t\t\t\t\t\t\t\t<img fetchpriority=\"high\" decoding=\"async\" width=\"640\" height=\"425\" src=\"https:\/\/krantec.de\/wp-content\/uploads\/2022\/07\/electric-1080584_960_720.jpg\" class=\"attachment-large size-large wp-image-234\" alt=\"\" srcset=\"https:\/\/krantec.de\/wp-content\/uploads\/2022\/07\/electric-1080584_960_720.jpg 960w, https:\/\/krantec.de\/wp-content\/uploads\/2022\/07\/electric-1080584_960_720-300x200.jpg 300w, https:\/\/krantec.de\/wp-content\/uploads\/2022\/07\/electric-1080584_960_720-768x510.jpg 768w\" sizes=\"(max-width: 640px) 100vw, 640px\" \/>\t\t\t\t\t\t\t\t\t\t\t\t\t\t\t<\/div>\n\t\t\t\t<\/div>\n\t\t\t\t\t<\/div>\n\t\t<\/div>\n\t\t\t\t\t<\/div>\n\t\t<\/section>\n\t\t\t\t<\/div>\n\t\t","protected":false},"excerpt":{"rendered":"<p>Pr\u00fcfung nach DGUV V3 &#8211; Elektrischer Betriebsmittel Pr\u00fcfung&nbsp;ortsver\u00e4nderliche\/ortsfeste elektrische Arbeitsmittel&nbsp;nach VDE 0701-0702 mit Schutzkontaktstecker&nbsp;(230V\/16A). Pr\u00fcfung&nbsp;ortsver\u00e4nderliche\/ortsfeste Arbeitsmittel&nbsp;nach VDE 0701-0702 mit CEE oder Perilex-Steckverbindung&nbsp;(400V\/16A bis 63A)&nbsp;sowie Arbeitsmittel&#8230;<\/p>\n","protected":false},"author":2,"featured_media":0,"parent":0,"menu_order":0,"comment_status":"closed","ping_status":"closed","template":"","meta":{"_crdt_document":"","footnotes":""},"class_list":["post-232","page","type-page","status-publish","hentry"],"yoast_head":"<!-- This site is optimized with the Yoast SEO plugin v27.5 - https:\/\/yoast.com\/product\/yoast-seo-wordpress\/ -->\n<title>DGUV V3 Pr\u00fcfung - Krantec F\u00f6rderger\u00e4teservice GmbH<\/title>\n<meta name=\"description\" content=\"DGUV V3 - Pr\u00fcfung von elektrischen Betriebsmitteln, die Pr\u00fcfung von Elektroger\u00e4ten und elektrischen Anlagen ist in Deutschland f\u00fcr alle Unternehmen vorgeschrieben, es gilt die DGUV V3. Ziel ist die Sicherheit und den Schutz der Besch\u00e4ftigten vor Gefahren am Arbeitsplatz zu gew\u00e4hrleisten. Durch eine regelm\u00e4\u00dfige Pr\u00fcfung wird sichergestellt, dass die Einrichtungen und Ger\u00e4te den gesetzlichen Anforderungen entsprechen.\" \/>\n<meta name=\"robots\" content=\"index, follow, max-snippet:-1, max-image-preview:large, max-video-preview:-1\" \/>\n<link rel=\"canonical\" href=\"https:\/\/krantec.de\/?page_id=232\" \/>\n<meta property=\"og:locale\" content=\"de_DE\" \/>\n<meta property=\"og:type\" content=\"article\" \/>\n<meta property=\"og:title\" content=\"DGUV V3 Pr\u00fcfung - Krantec F\u00f6rderger\u00e4teservice GmbH\" \/>\n<meta property=\"og:description\" content=\"DGUV V3 - Pr\u00fcfung von elektrischen Betriebsmitteln, die Pr\u00fcfung von Elektroger\u00e4ten und elektrischen Anlagen ist in Deutschland f\u00fcr alle Unternehmen vorgeschrieben, es gilt die DGUV V3. Ziel ist die Sicherheit und den Schutz der Besch\u00e4ftigten vor Gefahren am Arbeitsplatz zu gew\u00e4hrleisten. Durch eine regelm\u00e4\u00dfige Pr\u00fcfung wird sichergestellt, dass die Einrichtungen und Ger\u00e4te den gesetzlichen Anforderungen entsprechen.\" \/>\n<meta property=\"og:url\" content=\"https:\/\/krantec.de\/?page_id=232\" \/>\n<meta property=\"og:site_name\" content=\"Krantec F\u00f6rderger\u00e4teservice GmbH\" \/>\n<meta property=\"article:modified_time\" content=\"2024-01-31T09:34:55+00:00\" \/>\n<meta property=\"og:image\" content=\"https:\/\/krantec.de\/wp-content\/uploads\/2022\/07\/electric-1080584_960_720.jpg\" \/>\n<meta name=\"twitter:card\" content=\"summary_large_image\" \/>\n<meta name=\"twitter:label1\" content=\"Gesch\u00e4tzte Lesezeit\" \/>\n\t<meta name=\"twitter:data1\" content=\"1\u00a0Minute\" \/>\n<script type=\"application\/ld+json\" class=\"yoast-schema-graph\">{\"@context\":\"https:\\\/\\\/schema.org\",\"@graph\":[{\"@type\":\"WebPage\",\"@id\":\"https:\\\/\\\/krantec.de\\\/?page_id=232\",\"url\":\"https:\\\/\\\/krantec.de\\\/?page_id=232\",\"name\":\"DGUV V3 Pr\u00fcfung - Krantec F\u00f6rderger\u00e4teservice GmbH\",\"isPartOf\":{\"@id\":\"https:\\\/\\\/krantec.de\\\/#website\"},\"primaryImageOfPage\":{\"@id\":\"https:\\\/\\\/krantec.de\\\/?page_id=232#primaryimage\"},\"image\":{\"@id\":\"https:\\\/\\\/krantec.de\\\/?page_id=232#primaryimage\"},\"thumbnailUrl\":\"https:\\\/\\\/krantec.de\\\/wp-content\\\/uploads\\\/2022\\\/07\\\/electric-1080584_960_720.jpg\",\"datePublished\":\"2022-07-07T12:11:14+00:00\",\"dateModified\":\"2024-01-31T09:34:55+00:00\",\"description\":\"DGUV V3 - Pr\u00fcfung von elektrischen Betriebsmitteln, die Pr\u00fcfung von Elektroger\u00e4ten und elektrischen Anlagen ist in Deutschland f\u00fcr alle Unternehmen vorgeschrieben, es gilt die DGUV V3. Ziel ist die Sicherheit und den Schutz der Besch\u00e4ftigten vor Gefahren am Arbeitsplatz zu gew\u00e4hrleisten. Durch eine regelm\u00e4\u00dfige Pr\u00fcfung wird sichergestellt, dass die Einrichtungen und Ger\u00e4te den gesetzlichen Anforderungen entsprechen.\",\"breadcrumb\":{\"@id\":\"https:\\\/\\\/krantec.de\\\/?page_id=232#breadcrumb\"},\"inLanguage\":\"de\",\"potentialAction\":[{\"@type\":\"ReadAction\",\"target\":[\"https:\\\/\\\/krantec.de\\\/?page_id=232\"]}]},{\"@type\":\"ImageObject\",\"inLanguage\":\"de\",\"@id\":\"https:\\\/\\\/krantec.de\\\/?page_id=232#primaryimage\",\"url\":\"https:\\\/\\\/krantec.de\\\/wp-content\\\/uploads\\\/2022\\\/07\\\/electric-1080584_960_720.jpg\",\"contentUrl\":\"https:\\\/\\\/krantec.de\\\/wp-content\\\/uploads\\\/2022\\\/07\\\/electric-1080584_960_720.jpg\",\"width\":960,\"height\":638},{\"@type\":\"BreadcrumbList\",\"@id\":\"https:\\\/\\\/krantec.de\\\/?page_id=232#breadcrumb\",\"itemListElement\":[{\"@type\":\"ListItem\",\"position\":1,\"name\":\"Startseite\",\"item\":\"https:\\\/\\\/krantec.de\\\/\"},{\"@type\":\"ListItem\",\"position\":2,\"name\":\"DGUV V3 Pr\u00fcfung\"}]},{\"@type\":\"WebSite\",\"@id\":\"https:\\\/\\\/krantec.de\\\/#website\",\"url\":\"https:\\\/\\\/krantec.de\\\/\",\"name\":\"Krantec F\u00f6rderger\u00e4teservice GmbH\",\"description\":\"Wir bewegen was.\",\"publisher\":{\"@id\":\"https:\\\/\\\/krantec.de\\\/#organization\"},\"potentialAction\":[{\"@type\":\"SearchAction\",\"target\":{\"@type\":\"EntryPoint\",\"urlTemplate\":\"https:\\\/\\\/krantec.de\\\/?s={search_term_string}\"},\"query-input\":{\"@type\":\"PropertyValueSpecification\",\"valueRequired\":true,\"valueName\":\"search_term_string\"}}],\"inLanguage\":\"de\"},{\"@type\":\"Organization\",\"@id\":\"https:\\\/\\\/krantec.de\\\/#organization\",\"name\":\"Krantec F\u00f6rderger\u00e4teservice GmbH\",\"url\":\"https:\\\/\\\/krantec.de\\\/\",\"logo\":{\"@type\":\"ImageObject\",\"inLanguage\":\"de\",\"@id\":\"https:\\\/\\\/krantec.de\\\/#\\\/schema\\\/logo\\\/image\\\/\",\"url\":\"https:\\\/\\\/krantec.de\\\/wp-content\\\/uploads\\\/2022\\\/02\\\/cropped-ktlogoHP.png\",\"contentUrl\":\"https:\\\/\\\/krantec.de\\\/wp-content\\\/uploads\\\/2022\\\/02\\\/cropped-ktlogoHP.png\",\"width\":479,\"height\":166,\"caption\":\"Krantec F\u00f6rderger\u00e4teservice GmbH\"},\"image\":{\"@id\":\"https:\\\/\\\/krantec.de\\\/#\\\/schema\\\/logo\\\/image\\\/\"}}]}<\/script>\n<!-- \/ Yoast SEO plugin. -->","yoast_head_json":{"title":"DGUV V3 Pr\u00fcfung - Krantec F\u00f6rderger\u00e4teservice GmbH","description":"DGUV V3 - Pr\u00fcfung von elektrischen Betriebsmitteln, die Pr\u00fcfung von Elektroger\u00e4ten und elektrischen Anlagen ist in Deutschland f\u00fcr alle Unternehmen vorgeschrieben, es gilt die DGUV V3. Ziel ist die Sicherheit und den Schutz der Besch\u00e4ftigten vor Gefahren am Arbeitsplatz zu gew\u00e4hrleisten. Durch eine regelm\u00e4\u00dfige Pr\u00fcfung wird sichergestellt, dass die Einrichtungen und Ger\u00e4te den gesetzlichen Anforderungen entsprechen.","robots":{"index":"index","follow":"follow","max-snippet":"max-snippet:-1","max-image-preview":"max-image-preview:large","max-video-preview":"max-video-preview:-1"},"canonical":"https:\/\/krantec.de\/?page_id=232","og_locale":"de_DE","og_type":"article","og_title":"DGUV V3 Pr\u00fcfung - Krantec F\u00f6rderger\u00e4teservice GmbH","og_description":"DGUV V3 - Pr\u00fcfung von elektrischen Betriebsmitteln, die Pr\u00fcfung von Elektroger\u00e4ten und elektrischen Anlagen ist in Deutschland f\u00fcr alle Unternehmen vorgeschrieben, es gilt die DGUV V3. Ziel ist die Sicherheit und den Schutz der Besch\u00e4ftigten vor Gefahren am Arbeitsplatz zu gew\u00e4hrleisten. Durch eine regelm\u00e4\u00dfige Pr\u00fcfung wird sichergestellt, dass die Einrichtungen und Ger\u00e4te den gesetzlichen Anforderungen entsprechen.","og_url":"https:\/\/krantec.de\/?page_id=232","og_site_name":"Krantec F\u00f6rderger\u00e4teservice GmbH","article_modified_time":"2024-01-31T09:34:55+00:00","og_image":[{"url":"https:\/\/krantec.de\/wp-content\/uploads\/2022\/07\/electric-1080584_960_720.jpg","type":"","width":"","height":""}],"twitter_card":"summary_large_image","twitter_misc":{"Gesch\u00e4tzte Lesezeit":"1\u00a0Minute"},"schema":{"@context":"https:\/\/schema.org","@graph":[{"@type":"WebPage","@id":"https:\/\/krantec.de\/?page_id=232","url":"https:\/\/krantec.de\/?page_id=232","name":"DGUV V3 Pr\u00fcfung - Krantec F\u00f6rderger\u00e4teservice GmbH","isPartOf":{"@id":"https:\/\/krantec.de\/#website"},"primaryImageOfPage":{"@id":"https:\/\/krantec.de\/?page_id=232#primaryimage"},"image":{"@id":"https:\/\/krantec.de\/?page_id=232#primaryimage"},"thumbnailUrl":"https:\/\/krantec.de\/wp-content\/uploads\/2022\/07\/electric-1080584_960_720.jpg","datePublished":"2022-07-07T12:11:14+00:00","dateModified":"2024-01-31T09:34:55+00:00","description":"DGUV V3 - Pr\u00fcfung von elektrischen Betriebsmitteln, die Pr\u00fcfung von Elektroger\u00e4ten und elektrischen Anlagen ist in Deutschland f\u00fcr alle Unternehmen vorgeschrieben, es gilt die DGUV V3. Ziel ist die Sicherheit und den Schutz der Besch\u00e4ftigten vor Gefahren am Arbeitsplatz zu gew\u00e4hrleisten. Durch eine regelm\u00e4\u00dfige Pr\u00fcfung wird sichergestellt, dass die Einrichtungen und Ger\u00e4te den gesetzlichen Anforderungen entsprechen.","breadcrumb":{"@id":"https:\/\/krantec.de\/?page_id=232#breadcrumb"},"inLanguage":"de","potentialAction":[{"@type":"ReadAction","target":["https:\/\/krantec.de\/?page_id=232"]}]},{"@type":"ImageObject","inLanguage":"de","@id":"https:\/\/krantec.de\/?page_id=232#primaryimage","url":"https:\/\/krantec.de\/wp-content\/uploads\/2022\/07\/electric-1080584_960_720.jpg","contentUrl":"https:\/\/krantec.de\/wp-content\/uploads\/2022\/07\/electric-1080584_960_720.jpg","width":960,"height":638},{"@type":"BreadcrumbList","@id":"https:\/\/krantec.de\/?page_id=232#breadcrumb","itemListElement":[{"@type":"ListItem","position":1,"name":"Startseite","item":"https:\/\/krantec.de\/"},{"@type":"ListItem","position":2,"name":"DGUV V3 Pr\u00fcfung"}]},{"@type":"WebSite","@id":"https:\/\/krantec.de\/#website","url":"https:\/\/krantec.de\/","name":"Krantec F\u00f6rderger\u00e4teservice GmbH","description":"Wir bewegen was.","publisher":{"@id":"https:\/\/krantec.de\/#organization"},"potentialAction":[{"@type":"SearchAction","target":{"@type":"EntryPoint","urlTemplate":"https:\/\/krantec.de\/?s={search_term_string}"},"query-input":{"@type":"PropertyValueSpecification","valueRequired":true,"valueName":"search_term_string"}}],"inLanguage":"de"},{"@type":"Organization","@id":"https:\/\/krantec.de\/#organization","name":"Krantec F\u00f6rderger\u00e4teservice GmbH","url":"https:\/\/krantec.de\/","logo":{"@type":"ImageObject","inLanguage":"de","@id":"https:\/\/krantec.de\/#\/schema\/logo\/image\/","url":"https:\/\/krantec.de\/wp-content\/uploads\/2022\/02\/cropped-ktlogoHP.png","contentUrl":"https:\/\/krantec.de\/wp-content\/uploads\/2022\/02\/cropped-ktlogoHP.png","width":479,"height":166,"caption":"Krantec F\u00f6rderger\u00e4teservice GmbH"},"image":{"@id":"https:\/\/krantec.de\/#\/schema\/logo\/image\/"}}]}},"_links":{"self":[{"href":"https:\/\/krantec.de\/index.php?rest_route=\/wp\/v2\/pages\/232","targetHints":{"allow":["GET"]}}],"collection":[{"href":"https:\/\/krantec.de\/index.php?rest_route=\/wp\/v2\/pages"}],"about":[{"href":"https:\/\/krantec.de\/index.php?rest_route=\/wp\/v2\/types\/page"}],"author":[{"embeddable":true,"href":"https:\/\/krantec.de\/index.php?rest_route=\/wp\/v2\/users\/2"}],"replies":[{"embeddable":true,"href":"https:\/\/krantec.de\/index.php?rest_route=%2Fwp%2Fv2%2Fcomments&post=232"}],"version-history":[{"count":10,"href":"https:\/\/krantec.de\/index.php?rest_route=\/wp\/v2\/pages\/232\/revisions"}],"predecessor-version":[{"id":315,"href":"https:\/\/krantec.de\/index.php?rest_route=\/wp\/v2\/pages\/232\/revisions\/315"}],"wp:attachment":[{"href":"https:\/\/krantec.de\/index.php?rest_route=%2Fwp%2Fv2%2Fmedia&parent=232"}],"curies":[{"name":"wp","href":"https:\/\/api.w.org\/{rel}","templated":true}]}}