{"id":72,"date":"2022-02-12T12:21:38","date_gmt":"2022-02-12T12:21:38","guid":{"rendered":"https:\/\/krantec.de\/?page_id=72"},"modified":"2024-01-23T07:00:00","modified_gmt":"2024-01-23T07:00:00","slug":"uvv-pruefung","status":"publish","type":"page","link":"https:\/\/krantec.de\/?page_id=72","title":{"rendered":"UVV-Pr\u00fcfung"},"content":{"rendered":"\t\t<div data-elementor-type=\"wp-page\" data-elementor-id=\"72\" class=\"elementor elementor-72\">\n\t\t\t\t\t\t<section class=\"elementor-section elementor-top-section elementor-element elementor-element-d67f7a6 elementor-section-boxed elementor-section-height-default elementor-section-height-default\" data-id=\"d67f7a6\" data-element_type=\"section\" data-e-type=\"section\">\n\t\t\t\t\t\t<div class=\"elementor-container elementor-column-gap-default\">\n\t\t\t\t\t<div class=\"elementor-column elementor-col-50 elementor-top-column elementor-element elementor-element-2a0e6cf\" data-id=\"2a0e6cf\" data-element_type=\"column\" data-e-type=\"column\">\n\t\t\t<div class=\"elementor-widget-wrap elementor-element-populated\">\n\t\t\t\t\t\t<div class=\"elementor-element elementor-element-90305b6 elementor-invisible elementor-widget elementor-widget-text-editor\" data-id=\"90305b6\" data-element_type=\"widget\" data-e-type=\"widget\" data-settings=\"{&quot;_animation&quot;:&quot;zoomIn&quot;}\" data-widget_type=\"text-editor.default\">\n\t\t\t\t<div class=\"elementor-widget-container\">\n\t\t\t\t\t\t\t\t\t<p>UVV-Pr\u00fcfung, Wartung und Instandhaltung sind wichtige Aufgaben, da sie die Sicherheit der Bediener und die kontinuierliche Produktivit\u00e4t gew\u00e4hrleisten.<\/p><p>Der Betreiber der Krananlagen ist daf\u00fcr verantwortlich die gesetzlichen Unfallverh\u00fctungsvorschriften einzuhalten. Gerne nehmen wir Ihnen einen Teil der Verantwortung ab und warten Ihre Krananlagen (herstellerunabh\u00e4ngig).<\/p><p>Unsere regelm\u00e4\u00dfigen Inspektionen und Wartungen gem\u00e4\u00df der Unfallverh\u00fctungsvorschriften (UVV) gew\u00e4hrleisten Ihnen einen sicheren und st\u00f6rungsfreien Betrieb Ihrer Krane.<\/p>\t\t\t\t\t\t\t\t<\/div>\n\t\t\t\t<\/div>\n\t\t\t\t\t<\/div>\n\t\t<\/div>\n\t\t\t\t<div class=\"elementor-column elementor-col-50 elementor-top-column elementor-element elementor-element-0853299\" data-id=\"0853299\" data-element_type=\"column\" data-e-type=\"column\">\n\t\t\t<div class=\"elementor-widget-wrap elementor-element-populated\">\n\t\t\t\t\t\t<div class=\"elementor-element elementor-element-984f553 elementor-widget elementor-widget-image\" data-id=\"984f553\" data-element_type=\"widget\" data-e-type=\"widget\" data-widget_type=\"image.default\">\n\t\t\t\t<div class=\"elementor-widget-container\">\n\t\t\t\t\t\t\t\t\t\t\t\t\t\t\t<img fetchpriority=\"high\" decoding=\"async\" width=\"640\" height=\"428\" src=\"https:\/\/krantec.de\/wp-content\/uploads\/2022\/02\/crane-3626170_1920-1-1024x685.jpg\" class=\"attachment-large size-large wp-image-74\" alt=\"\" srcset=\"https:\/\/krantec.de\/wp-content\/uploads\/2022\/02\/crane-3626170_1920-1-1024x685.jpg 1024w, https:\/\/krantec.de\/wp-content\/uploads\/2022\/02\/crane-3626170_1920-1-300x200.jpg 300w, https:\/\/krantec.de\/wp-content\/uploads\/2022\/02\/crane-3626170_1920-1-768x514.jpg 768w, https:\/\/krantec.de\/wp-content\/uploads\/2022\/02\/crane-3626170_1920-1-1536x1028.jpg 1536w, https:\/\/krantec.de\/wp-content\/uploads\/2022\/02\/crane-3626170_1920-1-600x400.jpg 600w, https:\/\/krantec.de\/wp-content\/uploads\/2022\/02\/crane-3626170_1920-1-1200x800.jpg 1200w, https:\/\/krantec.de\/wp-content\/uploads\/2022\/02\/crane-3626170_1920-1.jpg 1920w\" sizes=\"(max-width: 640px) 100vw, 640px\" \/>\t\t\t\t\t\t\t\t\t\t\t\t\t\t\t<\/div>\n\t\t\t\t<\/div>\n\t\t\t\t\t<\/div>\n\t\t<\/div>\n\t\t\t\t\t<\/div>\n\t\t<\/section>\n\t\t\t\t<\/div>\n\t\t","protected":false},"excerpt":{"rendered":"<p>UVV-Pr\u00fcfung, Wartung und Instandhaltung sind wichtige Aufgaben, da sie die Sicherheit der Bediener und die kontinuierliche Produktivit\u00e4t gew\u00e4hrleisten. Der Betreiber der Krananlagen ist daf\u00fcr verantwortlich&#8230;<\/p>\n","protected":false},"author":2,"featured_media":0,"parent":0,"menu_order":0,"comment_status":"closed","ping_status":"closed","template":"","meta":{"_crdt_document":"","footnotes":""},"class_list":["post-72","page","type-page","status-publish","hentry"],"yoast_head":"<!-- This site is optimized with the Yoast SEO plugin v27.5 - https:\/\/yoast.com\/product\/yoast-seo-wordpress\/ -->\n<title>UVV-Pr\u00fcfung - Krantec F\u00f6rderger\u00e4teservice GmbH<\/title>\n<meta name=\"description\" content=\"UVV-Pr\u00fcfung, Erstinbetriebnahme, Sachverst\u00e4ndigenpr\u00fcfung an Kranen, Flurf\u00f6rderfahrzeugen, Hebezeugen, Anschlagmitteln, Leitern, Toren ...\" \/>\n<meta name=\"robots\" content=\"index, follow, max-snippet:-1, max-image-preview:large, max-video-preview:-1\" \/>\n<link rel=\"canonical\" href=\"https:\/\/krantec.de\/?page_id=72\" \/>\n<meta property=\"og:locale\" content=\"de_DE\" \/>\n<meta property=\"og:type\" content=\"article\" \/>\n<meta property=\"og:title\" content=\"UVV-Pr\u00fcfung - Krantec F\u00f6rderger\u00e4teservice GmbH\" \/>\n<meta property=\"og:description\" content=\"UVV-Pr\u00fcfung, Erstinbetriebnahme, Sachverst\u00e4ndigenpr\u00fcfung an Kranen, Flurf\u00f6rderfahrzeugen, Hebezeugen, Anschlagmitteln, Leitern, Toren ...\" \/>\n<meta property=\"og:url\" content=\"https:\/\/krantec.de\/?page_id=72\" \/>\n<meta property=\"og:site_name\" content=\"Krantec F\u00f6rderger\u00e4teservice GmbH\" \/>\n<meta property=\"article:modified_time\" content=\"2024-01-23T07:00:00+00:00\" \/>\n<meta property=\"og:image\" content=\"https:\/\/krantec.de\/wp-content\/uploads\/2022\/02\/crane-3626170_1920-1-1024x685.jpg\" \/>\n<meta name=\"twitter:card\" content=\"summary_large_image\" \/>\n<meta name=\"twitter:label1\" content=\"Gesch\u00e4tzte Lesezeit\" \/>\n\t<meta name=\"twitter:data1\" content=\"1\u00a0Minute\" \/>\n<script type=\"application\/ld+json\" class=\"yoast-schema-graph\">{\"@context\":\"https:\\\/\\\/schema.org\",\"@graph\":[{\"@type\":\"WebPage\",\"@id\":\"https:\\\/\\\/krantec.de\\\/?page_id=72\",\"url\":\"https:\\\/\\\/krantec.de\\\/?page_id=72\",\"name\":\"UVV-Pr\u00fcfung - Krantec F\u00f6rderger\u00e4teservice GmbH\",\"isPartOf\":{\"@id\":\"https:\\\/\\\/krantec.de\\\/#website\"},\"primaryImageOfPage\":{\"@id\":\"https:\\\/\\\/krantec.de\\\/?page_id=72#primaryimage\"},\"image\":{\"@id\":\"https:\\\/\\\/krantec.de\\\/?page_id=72#primaryimage\"},\"thumbnailUrl\":\"https:\\\/\\\/krantec.de\\\/wp-content\\\/uploads\\\/2022\\\/02\\\/crane-3626170_1920-1-1024x685.jpg\",\"datePublished\":\"2022-02-12T12:21:38+00:00\",\"dateModified\":\"2024-01-23T07:00:00+00:00\",\"description\":\"UVV-Pr\u00fcfung, Erstinbetriebnahme, Sachverst\u00e4ndigenpr\u00fcfung an Kranen, Flurf\u00f6rderfahrzeugen, Hebezeugen, Anschlagmitteln, Leitern, Toren ...\",\"breadcrumb\":{\"@id\":\"https:\\\/\\\/krantec.de\\\/?page_id=72#breadcrumb\"},\"inLanguage\":\"de\",\"potentialAction\":[{\"@type\":\"ReadAction\",\"target\":[\"https:\\\/\\\/krantec.de\\\/?page_id=72\"]}]},{\"@type\":\"ImageObject\",\"inLanguage\":\"de\",\"@id\":\"https:\\\/\\\/krantec.de\\\/?page_id=72#primaryimage\",\"url\":\"https:\\\/\\\/krantec.de\\\/wp-content\\\/uploads\\\/2022\\\/02\\\/crane-3626170_1920-1.jpg\",\"contentUrl\":\"https:\\\/\\\/krantec.de\\\/wp-content\\\/uploads\\\/2022\\\/02\\\/crane-3626170_1920-1.jpg\",\"width\":1920,\"height\":1285},{\"@type\":\"BreadcrumbList\",\"@id\":\"https:\\\/\\\/krantec.de\\\/?page_id=72#breadcrumb\",\"itemListElement\":[{\"@type\":\"ListItem\",\"position\":1,\"name\":\"Startseite\",\"item\":\"https:\\\/\\\/krantec.de\\\/\"},{\"@type\":\"ListItem\",\"position\":2,\"name\":\"UVV-Pr\u00fcfung\"}]},{\"@type\":\"WebSite\",\"@id\":\"https:\\\/\\\/krantec.de\\\/#website\",\"url\":\"https:\\\/\\\/krantec.de\\\/\",\"name\":\"Krantec F\u00f6rderger\u00e4teservice GmbH\",\"description\":\"Wir bewegen was.\",\"publisher\":{\"@id\":\"https:\\\/\\\/krantec.de\\\/#organization\"},\"potentialAction\":[{\"@type\":\"SearchAction\",\"target\":{\"@type\":\"EntryPoint\",\"urlTemplate\":\"https:\\\/\\\/krantec.de\\\/?s={search_term_string}\"},\"query-input\":{\"@type\":\"PropertyValueSpecification\",\"valueRequired\":true,\"valueName\":\"search_term_string\"}}],\"inLanguage\":\"de\"},{\"@type\":\"Organization\",\"@id\":\"https:\\\/\\\/krantec.de\\\/#organization\",\"name\":\"Krantec F\u00f6rderger\u00e4teservice GmbH\",\"url\":\"https:\\\/\\\/krantec.de\\\/\",\"logo\":{\"@type\":\"ImageObject\",\"inLanguage\":\"de\",\"@id\":\"https:\\\/\\\/krantec.de\\\/#\\\/schema\\\/logo\\\/image\\\/\",\"url\":\"https:\\\/\\\/krantec.de\\\/wp-content\\\/uploads\\\/2022\\\/02\\\/cropped-ktlogoHP.png\",\"contentUrl\":\"https:\\\/\\\/krantec.de\\\/wp-content\\\/uploads\\\/2022\\\/02\\\/cropped-ktlogoHP.png\",\"width\":479,\"height\":166,\"caption\":\"Krantec F\u00f6rderger\u00e4teservice GmbH\"},\"image\":{\"@id\":\"https:\\\/\\\/krantec.de\\\/#\\\/schema\\\/logo\\\/image\\\/\"}}]}<\/script>\n<!-- \/ Yoast SEO plugin. -->","yoast_head_json":{"title":"UVV-Pr\u00fcfung - Krantec F\u00f6rderger\u00e4teservice GmbH","description":"UVV-Pr\u00fcfung, Erstinbetriebnahme, Sachverst\u00e4ndigenpr\u00fcfung an Kranen, Flurf\u00f6rderfahrzeugen, Hebezeugen, Anschlagmitteln, Leitern, Toren ...","robots":{"index":"index","follow":"follow","max-snippet":"max-snippet:-1","max-image-preview":"max-image-preview:large","max-video-preview":"max-video-preview:-1"},"canonical":"https:\/\/krantec.de\/?page_id=72","og_locale":"de_DE","og_type":"article","og_title":"UVV-Pr\u00fcfung - Krantec F\u00f6rderger\u00e4teservice GmbH","og_description":"UVV-Pr\u00fcfung, Erstinbetriebnahme, Sachverst\u00e4ndigenpr\u00fcfung an Kranen, Flurf\u00f6rderfahrzeugen, Hebezeugen, Anschlagmitteln, Leitern, Toren ...","og_url":"https:\/\/krantec.de\/?page_id=72","og_site_name":"Krantec F\u00f6rderger\u00e4teservice GmbH","article_modified_time":"2024-01-23T07:00:00+00:00","og_image":[{"url":"https:\/\/krantec.de\/wp-content\/uploads\/2022\/02\/crane-3626170_1920-1-1024x685.jpg","type":"","width":"","height":""}],"twitter_card":"summary_large_image","twitter_misc":{"Gesch\u00e4tzte Lesezeit":"1\u00a0Minute"},"schema":{"@context":"https:\/\/schema.org","@graph":[{"@type":"WebPage","@id":"https:\/\/krantec.de\/?page_id=72","url":"https:\/\/krantec.de\/?page_id=72","name":"UVV-Pr\u00fcfung - Krantec F\u00f6rderger\u00e4teservice GmbH","isPartOf":{"@id":"https:\/\/krantec.de\/#website"},"primaryImageOfPage":{"@id":"https:\/\/krantec.de\/?page_id=72#primaryimage"},"image":{"@id":"https:\/\/krantec.de\/?page_id=72#primaryimage"},"thumbnailUrl":"https:\/\/krantec.de\/wp-content\/uploads\/2022\/02\/crane-3626170_1920-1-1024x685.jpg","datePublished":"2022-02-12T12:21:38+00:00","dateModified":"2024-01-23T07:00:00+00:00","description":"UVV-Pr\u00fcfung, Erstinbetriebnahme, Sachverst\u00e4ndigenpr\u00fcfung an Kranen, Flurf\u00f6rderfahrzeugen, Hebezeugen, Anschlagmitteln, Leitern, Toren ...","breadcrumb":{"@id":"https:\/\/krantec.de\/?page_id=72#breadcrumb"},"inLanguage":"de","potentialAction":[{"@type":"ReadAction","target":["https:\/\/krantec.de\/?page_id=72"]}]},{"@type":"ImageObject","inLanguage":"de","@id":"https:\/\/krantec.de\/?page_id=72#primaryimage","url":"https:\/\/krantec.de\/wp-content\/uploads\/2022\/02\/crane-3626170_1920-1.jpg","contentUrl":"https:\/\/krantec.de\/wp-content\/uploads\/2022\/02\/crane-3626170_1920-1.jpg","width":1920,"height":1285},{"@type":"BreadcrumbList","@id":"https:\/\/krantec.de\/?page_id=72#breadcrumb","itemListElement":[{"@type":"ListItem","position":1,"name":"Startseite","item":"https:\/\/krantec.de\/"},{"@type":"ListItem","position":2,"name":"UVV-Pr\u00fcfung"}]},{"@type":"WebSite","@id":"https:\/\/krantec.de\/#website","url":"https:\/\/krantec.de\/","name":"Krantec F\u00f6rderger\u00e4teservice GmbH","description":"Wir bewegen was.","publisher":{"@id":"https:\/\/krantec.de\/#organization"},"potentialAction":[{"@type":"SearchAction","target":{"@type":"EntryPoint","urlTemplate":"https:\/\/krantec.de\/?s={search_term_string}"},"query-input":{"@type":"PropertyValueSpecification","valueRequired":true,"valueName":"search_term_string"}}],"inLanguage":"de"},{"@type":"Organization","@id":"https:\/\/krantec.de\/#organization","name":"Krantec F\u00f6rderger\u00e4teservice GmbH","url":"https:\/\/krantec.de\/","logo":{"@type":"ImageObject","inLanguage":"de","@id":"https:\/\/krantec.de\/#\/schema\/logo\/image\/","url":"https:\/\/krantec.de\/wp-content\/uploads\/2022\/02\/cropped-ktlogoHP.png","contentUrl":"https:\/\/krantec.de\/wp-content\/uploads\/2022\/02\/cropped-ktlogoHP.png","width":479,"height":166,"caption":"Krantec F\u00f6rderger\u00e4teservice GmbH"},"image":{"@id":"https:\/\/krantec.de\/#\/schema\/logo\/image\/"}}]}},"_links":{"self":[{"href":"https:\/\/krantec.de\/index.php?rest_route=\/wp\/v2\/pages\/72","targetHints":{"allow":["GET"]}}],"collection":[{"href":"https:\/\/krantec.de\/index.php?rest_route=\/wp\/v2\/pages"}],"about":[{"href":"https:\/\/krantec.de\/index.php?rest_route=\/wp\/v2\/types\/page"}],"author":[{"embeddable":true,"href":"https:\/\/krantec.de\/index.php?rest_route=\/wp\/v2\/users\/2"}],"replies":[{"embeddable":true,"href":"https:\/\/krantec.de\/index.php?rest_route=%2Fwp%2Fv2%2Fcomments&post=72"}],"version-history":[{"count":4,"href":"https:\/\/krantec.de\/index.php?rest_route=\/wp\/v2\/pages\/72\/revisions"}],"predecessor-version":[{"id":77,"href":"https:\/\/krantec.de\/index.php?rest_route=\/wp\/v2\/pages\/72\/revisions\/77"}],"wp:attachment":[{"href":"https:\/\/krantec.de\/index.php?rest_route=%2Fwp%2Fv2%2Fmedia&parent=72"}],"curies":[{"name":"wp","href":"https:\/\/api.w.org\/{rel}","templated":true}]}}